{"id":2940,"date":"2026-03-12T18:15:47","date_gmt":"2026-03-12T17:15:47","guid":{"rendered":"https:\/\/kleintierzuchtverein-v11.com\/?page_id=2940"},"modified":"2026-03-12T18:24:03","modified_gmt":"2026-03-12T17:24:03","slug":"jahreshauptversammlung-2026","status":"publish","type":"page","link":"https:\/\/kleintierzuchtverein-v11.com\/?page_id=2940","title":{"rendered":"Jahreshauptversammlung 2026"},"content":{"rendered":"\t\t<div data-elementor-type=\"wp-page\" data-elementor-id=\"2940\" class=\"elementor elementor-2940\">\n\t\t\t\t\t\t<section class=\"elementor-section elementor-top-section elementor-element elementor-element-36c58afc elementor-section-content-middle elementor-section-stretched elementor-section-boxed elementor-section-height-default elementor-section-height-default wpr-particle-no wpr-jarallax-no wpr-parallax-no wpr-sticky-section-no wpr-equal-height-no\" data-id=\"36c58afc\" data-element_type=\"section\" data-e-type=\"section\" data-settings=\"{&quot;stretch_section&quot;:&quot;section-stretched&quot;}\">\n\t\t\t\t\t\t\t<div class=\"elementor-background-overlay\"><\/div>\n\t\t\t\t\t\t\t<div class=\"elementor-container elementor-column-gap-wide\">\n\t\t\t\t\t<div class=\"elementor-column elementor-col-100 elementor-top-column elementor-element elementor-element-1dec330\" data-id=\"1dec330\" data-element_type=\"column\" data-e-type=\"column\">\n\t\t\t<div class=\"elementor-widget-wrap elementor-element-populated\">\n\t\t\t\t\t\t<div class=\"elementor-element elementor-element-400d862 elementor-invisible elementor-widget elementor-widget-heading\" data-id=\"400d862\" data-element_type=\"widget\" data-e-type=\"widget\" data-settings=\"{&quot;_animation&quot;:&quot;fadeIn&quot;,&quot;_animation_delay&quot;:50}\" data-widget_type=\"heading.default\">\n\t\t\t\t<div class=\"elementor-widget-container\">\n\t\t\t\t\t<h2 class=\"elementor-heading-title elementor-size-default\">V11<\/h2>\t\t\t\t<\/div>\n\t\t\t\t<\/div>\n\t\t\t\t<div class=\"elementor-element elementor-element-3d86ce63 elementor-invisible elementor-widget elementor-widget-heading\" data-id=\"3d86ce63\" data-element_type=\"widget\" data-e-type=\"widget\" data-settings=\"{&quot;_animation&quot;:&quot;fadeIn&quot;,&quot;_animation_delay&quot;:100}\" data-widget_type=\"heading.default\">\n\t\t\t\t<div class=\"elementor-widget-container\">\n\t\t\t\t\t<h2 class=\"elementor-heading-title elementor-size-default\">Veranstaltungen<\/h2>\t\t\t\t<\/div>\n\t\t\t\t<\/div>\n\t\t\t\t<div class=\"elementor-element elementor-element-4a222aea elementor-widget-divider--view-line elementor-invisible elementor-widget elementor-widget-divider\" data-id=\"4a222aea\" data-element_type=\"widget\" data-e-type=\"widget\" data-settings=\"{&quot;_animation&quot;:&quot;fadeIn&quot;,&quot;_animation_delay&quot;:300}\" data-widget_type=\"divider.default\">\n\t\t\t\t<div class=\"elementor-widget-container\">\n\t\t\t\t\t\t\t<div class=\"elementor-divider\">\n\t\t\t<span class=\"elementor-divider-separator\">\n\t\t\t\t\t\t<\/span>\n\t\t<\/div>\n\t\t\t\t\t\t<\/div>\n\t\t\t\t<\/div>\n\t\t\t\t\t<\/div>\n\t\t<\/div>\n\t\t\t\t\t<\/div>\n\t\t<\/section>\n\t\t\t\t<section class=\"elementor-section elementor-top-section elementor-element elementor-element-38e0466a elementor-section-content-middle envato-kit-141-top-0 elementor-section-stretched elementor-section-boxed elementor-section-height-default elementor-section-height-default wpr-particle-no wpr-jarallax-no wpr-parallax-no wpr-sticky-section-no wpr-equal-height-no elementor-invisible\" data-id=\"38e0466a\" data-element_type=\"section\" data-e-type=\"section\" data-settings=\"{&quot;background_background&quot;:&quot;classic&quot;,&quot;stretch_section&quot;:&quot;section-stretched&quot;,&quot;animation&quot;:&quot;fadeIn&quot;,&quot;animation_delay&quot;:800}\">\n\t\t\t\t\t\t\t<div class=\"elementor-background-overlay\"><\/div>\n\t\t\t\t\t\t\t<div class=\"elementor-container elementor-column-gap-wide\">\n\t\t\t\t\t<div class=\"elementor-column elementor-col-100 elementor-top-column elementor-element elementor-element-5f5ef6a8\" data-id=\"5f5ef6a8\" data-element_type=\"column\" data-e-type=\"column\">\n\t\t\t<div class=\"elementor-widget-wrap elementor-element-populated\">\n\t\t\t\t\t\t<div class=\"elementor-element elementor-element-76baab73 elementor-invisible elementor-widget elementor-widget-heading\" data-id=\"76baab73\" data-element_type=\"widget\" data-e-type=\"widget\" data-settings=\"{&quot;_animation&quot;:&quot;fadeIn&quot;,&quot;_animation_delay&quot;:50}\" data-widget_type=\"heading.default\">\n\t\t\t\t<div class=\"elementor-widget-container\">\n\t\t\t\t\t<h2 class=\"elementor-heading-title elementor-size-default\">06.03.2026<\/h2>\t\t\t\t<\/div>\n\t\t\t\t<\/div>\n\t\t\t\t<div class=\"elementor-element elementor-element-4d07399c elementor-invisible elementor-widget elementor-widget-heading\" data-id=\"4d07399c\" data-element_type=\"widget\" data-e-type=\"widget\" data-settings=\"{&quot;_animation&quot;:&quot;fadeIn&quot;,&quot;_animation_delay&quot;:100}\" data-widget_type=\"heading.default\">\n\t\t\t\t<div class=\"elementor-widget-container\">\n\t\t\t\t\t<h2 class=\"elementor-heading-title elementor-size-default\">Jahreshauptversammlung 2026<\/h2>\t\t\t\t<\/div>\n\t\t\t\t<\/div>\n\t\t\t\t<div class=\"elementor-element elementor-element-4a861af1 elementor-widget-divider--view-line elementor-invisible elementor-widget elementor-widget-divider\" data-id=\"4a861af1\" data-element_type=\"widget\" data-e-type=\"widget\" data-settings=\"{&quot;_animation&quot;:&quot;fadeIn&quot;,&quot;_animation_delay&quot;:300}\" data-widget_type=\"divider.default\">\n\t\t\t\t<div class=\"elementor-widget-container\">\n\t\t\t\t\t\t\t<div class=\"elementor-divider\">\n\t\t\t<span class=\"elementor-divider-separator\">\n\t\t\t\t\t\t<\/span>\n\t\t<\/div>\n\t\t\t\t\t\t<\/div>\n\t\t\t\t<\/div>\n\t\t\t\t<div class=\"elementor-element elementor-element-30f290ae elementor-widget elementor-widget-image\" data-id=\"30f290ae\" data-element_type=\"widget\" data-e-type=\"widget\" data-widget_type=\"image.default\">\n\t\t\t\t<div class=\"elementor-widget-container\">\n\t\t\t\t\t\t\t\t\t\t\t\t\t\t\t<img fetchpriority=\"high\" decoding=\"async\" width=\"2560\" height=\"1440\" src=\"https:\/\/kleintierzuchtverein-v11.com\/wp-content\/uploads\/20260306_202703-scaled.jpg\" class=\"attachment-full size-full wp-image-2942\" alt=\"\" srcset=\"https:\/\/kleintierzuchtverein-v11.com\/wp-content\/uploads\/20260306_202703-scaled.jpg 2560w, https:\/\/kleintierzuchtverein-v11.com\/wp-content\/uploads\/20260306_202703-300x169.jpg 300w, https:\/\/kleintierzuchtverein-v11.com\/wp-content\/uploads\/20260306_202703-1024x576.jpg 1024w, https:\/\/kleintierzuchtverein-v11.com\/wp-content\/uploads\/20260306_202703-768x432.jpg 768w, https:\/\/kleintierzuchtverein-v11.com\/wp-content\/uploads\/20260306_202703-1536x864.jpg 1536w, https:\/\/kleintierzuchtverein-v11.com\/wp-content\/uploads\/20260306_202703-2048x1152.jpg 2048w\" sizes=\"(max-width: 2560px) 100vw, 2560px\" \/>\t\t\t\t\t\t\t\t\t\t\t\t\t\t\t<\/div>\n\t\t\t\t<\/div>\n\t\t\t\t<section class=\"elementor-section elementor-inner-section elementor-element elementor-element-6a072fda elementor-section-boxed elementor-section-height-default elementor-section-height-default wpr-particle-no wpr-jarallax-no wpr-parallax-no wpr-sticky-section-no wpr-equal-height-no\" data-id=\"6a072fda\" data-element_type=\"section\" data-e-type=\"section\">\n\t\t\t\t\t\t<div class=\"elementor-container elementor-column-gap-default\">\n\t\t\t\t\t<div class=\"elementor-column elementor-col-100 elementor-inner-column elementor-element elementor-element-3c5ce172\" data-id=\"3c5ce172\" data-element_type=\"column\" data-e-type=\"column\">\n\t\t\t<div class=\"elementor-widget-wrap elementor-element-populated\">\n\t\t\t\t\t\t<div class=\"elementor-element elementor-element-68374f0c elementor-widget elementor-widget-text-editor\" data-id=\"68374f0c\" data-element_type=\"widget\" data-e-type=\"widget\" data-widget_type=\"text-editor.default\">\n\t\t\t\t<div class=\"elementor-widget-container\">\n\t\t\t\t\t\t\t\t\t<p>Am <strong>06. M\u00e4rz 2026<\/strong> fand die Jahreshauptversammlung des <strong>Kleintierzuchtvereins V11 Bludenz<\/strong> im <strong>Gasthaus Traube in B\u00fcrs<\/strong> statt. Zahlreiche Mitglieder folgten der Einladung und nahmen an der Versammlung teil.<\/p><p>Besonders begr\u00fc\u00dfen durfte der Verein mehrere Ehreng\u00e4ste: den B\u00fcrgermeister der Gemeinde B\u00fcrs <strong>Georg Bucher<\/strong>, den B\u00fcrgermeister der Stadt Bludenz <strong>Simon Tschann<\/strong> sowie den <strong>Landesverbandsobmann Christof Spiegel<\/strong>. Ihre Anwesenheit unterstrich die Wertsch\u00e4tzung f\u00fcr die Arbeit des Vereins und die Bedeutung der Kleintierzucht in der Region.<\/p><p>Nach der Begr\u00fc\u00dfung durch die Vereinsleitung wurde auf das vergangene Vereinsjahr zur\u00fcckgeblickt. In den Berichten des Vorstandes und der Funktion\u00e4re wurden die zahlreichen Aktivit\u00e4ten, Veranstaltungen und z\u00fcchterischen Erfolge der Mitglieder hervorgehoben. Dabei zeigte sich einmal mehr das gro\u00dfe Engagement der Vereinsmitglieder f\u00fcr die Pflege und F\u00f6rderung der Kleintierzucht.<\/p><p>Ein wichtiger Punkt der Tagesordnung waren die <strong>Neuwahlen des Vorstandes<\/strong>. Dabei wurde der bestehende Vorstand in seinen Funktionen best\u00e4tigt und wiedergew\u00e4hlt. \u00c4nderungen gab es lediglich bei zwei Funktionen: <strong>Sabina Nussbaumer<\/strong> wurde zur neuen <strong>Schriftf\u00fchrer-Stellvertreterin<\/strong> gew\u00e4hlt und <strong>Selina M\u00fcller<\/strong> \u00fcbernahm das Amt der <strong>Kassapr\u00fcferin<\/strong>.<\/p><p>Auch organisatorische Themen sowie die Planung kommender Veranstaltungen wurden besprochen. Die Ehreng\u00e4ste richteten Gru\u00dfworte an die Versammlung und w\u00fcrdigten den Einsatz des Vereins f\u00fcr Tradition, Tierzucht und Gemeinschaft.<\/p><p>Die Jahreshauptversammlung bot zudem Gelegenheit zum Austausch unter den Mitgliedern sowie zur Diskussion aktueller Themen rund um die Kleintierzucht. In gem\u00fctlicher Atmosph\u00e4re klang der Abend im Gasthaus Traube aus.<\/p><p>Der Kleintierzuchtverein V11 Bludenz bedankt sich bei allen Mitgliedern, Ehreng\u00e4sten und Unterst\u00fctzern f\u00fcr ihr Kommen sowie f\u00fcr ihr Engagement im Verein.<\/p><p>\u00a0<\/p>\t\t\t\t\t\t\t\t<\/div>\n\t\t\t\t<\/div>\n\t\t\t\t<div class=\"elementor-element elementor-element-1f72e23d elementor-arrows-position-inside elementor-pagination-position-outside elementor-widget elementor-widget-image-carousel\" data-id=\"1f72e23d\" data-element_type=\"widget\" data-e-type=\"widget\" data-settings=\"{&quot;slides_to_show&quot;:&quot;1&quot;,&quot;navigation&quot;:&quot;both&quot;,&quot;autoplay&quot;:&quot;yes&quot;,&quot;pause_on_hover&quot;:&quot;yes&quot;,&quot;pause_on_interaction&quot;:&quot;yes&quot;,&quot;autoplay_speed&quot;:5000,&quot;infinite&quot;:&quot;yes&quot;,&quot;effect&quot;:&quot;slide&quot;,&quot;speed&quot;:500}\" data-widget_type=\"image-carousel.default\">\n\t\t\t\t<div class=\"elementor-widget-container\">\n\t\t\t\t\t\t\t<div class=\"elementor-image-carousel-wrapper swiper\" role=\"region\" aria-roledescription=\"carousel\" aria-label=\"Bild Karussell\" dir=\"ltr\">\n\t\t\t<div class=\"elementor-image-carousel swiper-wrapper\" aria-live=\"off\">\n\t\t\t\t\t\t\t\t<div class=\"swiper-slide\" role=\"group\" aria-roledescription=\"slide\" aria-label=\"1 von 4\"><figure class=\"swiper-slide-inner\"><img decoding=\"async\" class=\"swiper-slide-image\" src=\"https:\/\/kleintierzuchtverein-v11.com\/wp-content\/uploads\/20260306_202230-scaled.jpg\" alt=\"20260306_202230\" \/><\/figure><\/div><div class=\"swiper-slide\" role=\"group\" aria-roledescription=\"slide\" aria-label=\"2 von 4\"><figure class=\"swiper-slide-inner\"><img decoding=\"async\" class=\"swiper-slide-image\" src=\"https:\/\/kleintierzuchtverein-v11.com\/wp-content\/uploads\/20260306_202314-scaled.jpg\" alt=\"20260306_202314\" \/><\/figure><\/div><div class=\"swiper-slide\" role=\"group\" aria-roledescription=\"slide\" aria-label=\"3 von 4\"><figure class=\"swiper-slide-inner\"><img decoding=\"async\" class=\"swiper-slide-image\" src=\"https:\/\/kleintierzuchtverein-v11.com\/wp-content\/uploads\/20260306_202441-scaled.jpg\" alt=\"20260306_202441\" \/><\/figure><\/div><div class=\"swiper-slide\" role=\"group\" aria-roledescription=\"slide\" aria-label=\"4 von 4\"><figure class=\"swiper-slide-inner\"><img decoding=\"async\" class=\"swiper-slide-image\" src=\"https:\/\/kleintierzuchtverein-v11.com\/wp-content\/uploads\/20260306_202539-scaled.jpg\" alt=\"20260306_202539\" \/><\/figure><\/div>\t\t\t<\/div>\n\t\t\t\t\t\t\t\t\t\t\t\t<div class=\"elementor-swiper-button elementor-swiper-button-prev\" role=\"button\" tabindex=\"0\">\n\t\t\t\t\t\t<i aria-hidden=\"true\" class=\"eicon-chevron-left\"><\/i>\t\t\t\t\t<\/div>\n\t\t\t\t\t<div class=\"elementor-swiper-button elementor-swiper-button-next\" role=\"button\" tabindex=\"0\">\n\t\t\t\t\t\t<i aria-hidden=\"true\" class=\"eicon-chevron-right\"><\/i>\t\t\t\t\t<\/div>\n\t\t\t\t\n\t\t\t\t\t\t\t\t\t<div class=\"swiper-pagination\"><\/div>\n\t\t\t\t\t\t\t\t\t<\/div>\n\t\t\t\t\t\t<\/div>\n\t\t\t\t<\/div>\n\t\t\t\t\t<\/div>\n\t\t<\/div>\n\t\t\t\t\t<\/div>\n\t\t<\/section>\n\t\t\t\t\t<\/div>\n\t\t<\/div>\n\t\t\t\t\t<\/div>\n\t\t<\/section>\n\t\t\t\t<\/div>\n\t\t","protected":false},"excerpt":{"rendered":"<p>V11 Veranstaltungen 06.03.2026 Jahreshauptversammlung 2026 Am 06. M\u00e4rz 2026 fand die Jahreshauptversammlung des Kleintierzuchtvereins V11 Bludenz im Gasthaus Traube in B\u00fcrs statt. Zahlreiche Mitglieder folgten der Einladung und nahmen an der Versammlung teil. Besonders begr\u00fc\u00dfen durfte der Verein mehrere Ehreng\u00e4ste: den B\u00fcrgermeister der Gemeinde B\u00fcrs Georg Bucher, den B\u00fcrgermeister der Stadt Bludenz Simon Tschann sowie den Landesverbandsobmann Christof Spiegel. Ihre Anwesenheit unterstrich die Wertsch\u00e4tzung f\u00fcr die Arbeit des Vereins und die Bedeutung der Kleintierzucht in der Region. Nach der Begr\u00fc\u00dfung durch die Vereinsleitung wurde auf das vergangene Vereinsjahr zur\u00fcckgeblickt. In den Berichten des Vorstandes und der Funktion\u00e4re wurden die zahlreichen Aktivit\u00e4ten, Veranstaltungen und z\u00fcchterischen Erfolge der Mitglieder hervorgehoben. Dabei zeigte sich einmal mehr das gro\u00dfe Engagement der Vereinsmitglieder f\u00fcr die Pflege und F\u00f6rderung der Kleintierzucht. Ein wichtiger Punkt der Tagesordnung waren die Neuwahlen des Vorstandes. Dabei wurde der bestehende Vorstand in seinen Funktionen best\u00e4tigt und wiedergew\u00e4hlt. \u00c4nderungen gab es lediglich bei zwei Funktionen: Sabina Nussbaumer wurde zur neuen Schriftf\u00fchrer-Stellvertreterin gew\u00e4hlt und Selina M\u00fcller \u00fcbernahm das Amt der Kassapr\u00fcferin. Auch organisatorische Themen sowie die Planung kommender Veranstaltungen wurden besprochen. Die Ehreng\u00e4ste richteten Gru\u00dfworte an die Versammlung und w\u00fcrdigten den Einsatz des Vereins f\u00fcr Tradition, Tierzucht und Gemeinschaft. Die Jahreshauptversammlung bot zudem Gelegenheit zum Austausch unter den Mitgliedern sowie zur Diskussion aktueller Themen rund um die Kleintierzucht. In gem\u00fctlicher Atmosph\u00e4re klang der Abend im Gasthaus Traube aus. Der Kleintierzuchtverein V11 Bludenz bedankt sich bei allen Mitgliedern, Ehreng\u00e4sten und Unterst\u00fctzern f\u00fcr ihr Kommen sowie f\u00fcr ihr Engagement im Verein. \u00a0<\/p>\n","protected":false},"author":1,"featured_media":0,"parent":0,"menu_order":0,"comment_status":"closed","ping_status":"closed","template":"elementor_canvas","meta":{"_monsterinsights_skip_tracking":false,"_monsterinsights_sitenote_active":false,"_monsterinsights_sitenote_note":"","_monsterinsights_sitenote_category":0,"footnotes":""},"class_list":["post-2940","page","type-page","status-publish","hentry"],"yoast_head":"<!-- This site is optimized with the Yoast SEO plugin v27.3 - https:\/\/yoast.com\/product\/yoast-seo-wordpress\/ -->\n<title>Jahreshauptversammlung 2026 - kleintierzuchtverein-v11.com<\/title>\n<meta name=\"robots\" content=\"index, follow, max-snippet:-1, max-image-preview:large, max-video-preview:-1\" \/>\n<link rel=\"canonical\" href=\"https:\/\/kleintierzuchtverein-v11.com\/?page_id=2940\" \/>\n<meta property=\"og:locale\" content=\"de_DE\" \/>\n<meta property=\"og:type\" content=\"article\" \/>\n<meta property=\"og:title\" content=\"Jahreshauptversammlung 2026 - kleintierzuchtverein-v11.com\" \/>\n<meta property=\"og:description\" content=\"V11 Veranstaltungen 06.03.2026 Jahreshauptversammlung 2026 Am 06. M\u00e4rz 2026 fand die Jahreshauptversammlung des Kleintierzuchtvereins V11 Bludenz im Gasthaus Traube in B\u00fcrs statt. Zahlreiche Mitglieder folgten der Einladung und nahmen an der Versammlung teil. Besonders begr\u00fc\u00dfen durfte der Verein mehrere Ehreng\u00e4ste: den B\u00fcrgermeister der Gemeinde B\u00fcrs Georg Bucher, den B\u00fcrgermeister der Stadt Bludenz Simon Tschann sowie den Landesverbandsobmann Christof Spiegel. Ihre Anwesenheit unterstrich die Wertsch\u00e4tzung f\u00fcr die Arbeit des Vereins und die Bedeutung der Kleintierzucht in der Region. Nach der Begr\u00fc\u00dfung durch die Vereinsleitung wurde auf das vergangene Vereinsjahr zur\u00fcckgeblickt. In den Berichten des Vorstandes und der Funktion\u00e4re wurden die zahlreichen Aktivit\u00e4ten, Veranstaltungen und z\u00fcchterischen Erfolge der Mitglieder hervorgehoben. Dabei zeigte sich einmal mehr das gro\u00dfe Engagement der Vereinsmitglieder f\u00fcr die Pflege und F\u00f6rderung der Kleintierzucht. Ein wichtiger Punkt der Tagesordnung waren die Neuwahlen des Vorstandes. Dabei wurde der bestehende Vorstand in seinen Funktionen best\u00e4tigt und wiedergew\u00e4hlt. \u00c4nderungen gab es lediglich bei zwei Funktionen: Sabina Nussbaumer wurde zur neuen Schriftf\u00fchrer-Stellvertreterin gew\u00e4hlt und Selina M\u00fcller \u00fcbernahm das Amt der Kassapr\u00fcferin. Auch organisatorische Themen sowie die Planung kommender Veranstaltungen wurden besprochen. Die Ehreng\u00e4ste richteten Gru\u00dfworte an die Versammlung und w\u00fcrdigten den Einsatz des Vereins f\u00fcr Tradition, Tierzucht und Gemeinschaft. Die Jahreshauptversammlung bot zudem Gelegenheit zum Austausch unter den Mitgliedern sowie zur Diskussion aktueller Themen rund um die Kleintierzucht. In gem\u00fctlicher Atmosph\u00e4re klang der Abend im Gasthaus Traube aus. Der Kleintierzuchtverein V11 Bludenz bedankt sich bei allen Mitgliedern, Ehreng\u00e4sten und Unterst\u00fctzern f\u00fcr ihr Kommen sowie f\u00fcr ihr Engagement im Verein. \u00a0\" \/>\n<meta property=\"og:url\" content=\"https:\/\/kleintierzuchtverein-v11.com\/?page_id=2940\" \/>\n<meta property=\"og:site_name\" content=\"kleintierzuchtverein-v11.com\" \/>\n<meta property=\"article:modified_time\" content=\"2026-03-12T17:24:03+00:00\" \/>\n<meta property=\"og:image\" content=\"https:\/\/kleintierzuchtverein-v11.com\/wp-content\/uploads\/20260306_202703-scaled.jpg\" \/>\n<meta name=\"twitter:card\" content=\"summary_large_image\" \/>\n<meta name=\"twitter:label1\" content=\"Gesch\u00e4tzte Lesezeit\" \/>\n\t<meta name=\"twitter:data1\" content=\"3\u00a0Minuten\" \/>\n<script type=\"application\/ld+json\" class=\"yoast-schema-graph\">{\"@context\":\"https:\\\/\\\/schema.org\",\"@graph\":[{\"@type\":\"WebPage\",\"@id\":\"https:\\\/\\\/kleintierzuchtverein-v11.com\\\/?page_id=2940\",\"url\":\"https:\\\/\\\/kleintierzuchtverein-v11.com\\\/?page_id=2940\",\"name\":\"Jahreshauptversammlung 2026 - kleintierzuchtverein-v11.com\",\"isPartOf\":{\"@id\":\"https:\\\/\\\/kleintierzuchtverein-v11.com\\\/#website\"},\"primaryImageOfPage\":{\"@id\":\"https:\\\/\\\/kleintierzuchtverein-v11.com\\\/?page_id=2940#primaryimage\"},\"image\":{\"@id\":\"https:\\\/\\\/kleintierzuchtverein-v11.com\\\/?page_id=2940#primaryimage\"},\"thumbnailUrl\":\"https:\\\/\\\/kleintierzuchtverein-v11.com\\\/wp-content\\\/uploads\\\/20260306_202703-scaled.jpg\",\"datePublished\":\"2026-03-12T17:15:47+00:00\",\"dateModified\":\"2026-03-12T17:24:03+00:00\",\"breadcrumb\":{\"@id\":\"https:\\\/\\\/kleintierzuchtverein-v11.com\\\/?page_id=2940#breadcrumb\"},\"inLanguage\":\"de\",\"potentialAction\":[{\"@type\":\"ReadAction\",\"target\":[\"https:\\\/\\\/kleintierzuchtverein-v11.com\\\/?page_id=2940\"]}]},{\"@type\":\"ImageObject\",\"inLanguage\":\"de\",\"@id\":\"https:\\\/\\\/kleintierzuchtverein-v11.com\\\/?page_id=2940#primaryimage\",\"url\":\"https:\\\/\\\/kleintierzuchtverein-v11.com\\\/wp-content\\\/uploads\\\/20260306_202703-scaled.jpg\",\"contentUrl\":\"https:\\\/\\\/kleintierzuchtverein-v11.com\\\/wp-content\\\/uploads\\\/20260306_202703-scaled.jpg\",\"width\":2560,\"height\":1440},{\"@type\":\"BreadcrumbList\",\"@id\":\"https:\\\/\\\/kleintierzuchtverein-v11.com\\\/?page_id=2940#breadcrumb\",\"itemListElement\":[{\"@type\":\"ListItem\",\"position\":1,\"name\":\"Startseite\",\"item\":\"https:\\\/\\\/kleintierzuchtverein-v11.com\\\/\"},{\"@type\":\"ListItem\",\"position\":2,\"name\":\"Jahreshauptversammlung 2026\"}]},{\"@type\":\"WebSite\",\"@id\":\"https:\\\/\\\/kleintierzuchtverein-v11.com\\\/#website\",\"url\":\"https:\\\/\\\/kleintierzuchtverein-v11.com\\\/\",\"name\":\"kleintierzuchtverein-v11.com\",\"description\":\"Eine weiter WordPress-Webseite\",\"publisher\":{\"@id\":\"https:\\\/\\\/kleintierzuchtverein-v11.com\\\/#organization\"},\"potentialAction\":[{\"@type\":\"SearchAction\",\"target\":{\"@type\":\"EntryPoint\",\"urlTemplate\":\"https:\\\/\\\/kleintierzuchtverein-v11.com\\\/?s={search_term_string}\"},\"query-input\":{\"@type\":\"PropertyValueSpecification\",\"valueRequired\":true,\"valueName\":\"search_term_string\"}}],\"inLanguage\":\"de\"},{\"@type\":\"Organization\",\"@id\":\"https:\\\/\\\/kleintierzuchtverein-v11.com\\\/#organization\",\"name\":\"Rassenkleintierzuchtverein V11 Bludenz und 1. \u00d6sterreichischer Riesenclub\",\"url\":\"https:\\\/\\\/kleintierzuchtverein-v11.com\\\/\",\"logo\":{\"@type\":\"ImageObject\",\"inLanguage\":\"de\",\"@id\":\"https:\\\/\\\/kleintierzuchtverein-v11.com\\\/#\\\/schema\\\/logo\\\/image\\\/\",\"url\":\"https:\\\/\\\/kleintierzuchtverein-v11.com\\\/wp-content\\\/uploads\\\/2023\\\/05\\\/cropped-Bild1.png\",\"contentUrl\":\"https:\\\/\\\/kleintierzuchtverein-v11.com\\\/wp-content\\\/uploads\\\/2023\\\/05\\\/cropped-Bild1.png\",\"width\":2366,\"height\":829,\"caption\":\"Rassenkleintierzuchtverein V11 Bludenz und 1. \u00d6sterreichischer Riesenclub\"},\"image\":{\"@id\":\"https:\\\/\\\/kleintierzuchtverein-v11.com\\\/#\\\/schema\\\/logo\\\/image\\\/\"}}]}<\/script>\n<!-- \/ Yoast SEO plugin. -->","yoast_head_json":{"title":"Jahreshauptversammlung 2026 - kleintierzuchtverein-v11.com","robots":{"index":"index","follow":"follow","max-snippet":"max-snippet:-1","max-image-preview":"max-image-preview:large","max-video-preview":"max-video-preview:-1"},"canonical":"https:\/\/kleintierzuchtverein-v11.com\/?page_id=2940","og_locale":"de_DE","og_type":"article","og_title":"Jahreshauptversammlung 2026 - kleintierzuchtverein-v11.com","og_description":"V11 Veranstaltungen 06.03.2026 Jahreshauptversammlung 2026 Am 06. M\u00e4rz 2026 fand die Jahreshauptversammlung des Kleintierzuchtvereins V11 Bludenz im Gasthaus Traube in B\u00fcrs statt. Zahlreiche Mitglieder folgten der Einladung und nahmen an der Versammlung teil. Besonders begr\u00fc\u00dfen durfte der Verein mehrere Ehreng\u00e4ste: den B\u00fcrgermeister der Gemeinde B\u00fcrs Georg Bucher, den B\u00fcrgermeister der Stadt Bludenz Simon Tschann sowie den Landesverbandsobmann Christof Spiegel. Ihre Anwesenheit unterstrich die Wertsch\u00e4tzung f\u00fcr die Arbeit des Vereins und die Bedeutung der Kleintierzucht in der Region. Nach der Begr\u00fc\u00dfung durch die Vereinsleitung wurde auf das vergangene Vereinsjahr zur\u00fcckgeblickt. In den Berichten des Vorstandes und der Funktion\u00e4re wurden die zahlreichen Aktivit\u00e4ten, Veranstaltungen und z\u00fcchterischen Erfolge der Mitglieder hervorgehoben. Dabei zeigte sich einmal mehr das gro\u00dfe Engagement der Vereinsmitglieder f\u00fcr die Pflege und F\u00f6rderung der Kleintierzucht. Ein wichtiger Punkt der Tagesordnung waren die Neuwahlen des Vorstandes. Dabei wurde der bestehende Vorstand in seinen Funktionen best\u00e4tigt und wiedergew\u00e4hlt. \u00c4nderungen gab es lediglich bei zwei Funktionen: Sabina Nussbaumer wurde zur neuen Schriftf\u00fchrer-Stellvertreterin gew\u00e4hlt und Selina M\u00fcller \u00fcbernahm das Amt der Kassapr\u00fcferin. Auch organisatorische Themen sowie die Planung kommender Veranstaltungen wurden besprochen. Die Ehreng\u00e4ste richteten Gru\u00dfworte an die Versammlung und w\u00fcrdigten den Einsatz des Vereins f\u00fcr Tradition, Tierzucht und Gemeinschaft. Die Jahreshauptversammlung bot zudem Gelegenheit zum Austausch unter den Mitgliedern sowie zur Diskussion aktueller Themen rund um die Kleintierzucht. In gem\u00fctlicher Atmosph\u00e4re klang der Abend im Gasthaus Traube aus. Der Kleintierzuchtverein V11 Bludenz bedankt sich bei allen Mitgliedern, Ehreng\u00e4sten und Unterst\u00fctzern f\u00fcr ihr Kommen sowie f\u00fcr ihr Engagement im Verein. \u00a0","og_url":"https:\/\/kleintierzuchtverein-v11.com\/?page_id=2940","og_site_name":"kleintierzuchtverein-v11.com","article_modified_time":"2026-03-12T17:24:03+00:00","og_image":[{"url":"https:\/\/kleintierzuchtverein-v11.com\/wp-content\/uploads\/20260306_202703-scaled.jpg","type":"","width":"","height":""}],"twitter_card":"summary_large_image","twitter_misc":{"Gesch\u00e4tzte Lesezeit":"3\u00a0Minuten"},"schema":{"@context":"https:\/\/schema.org","@graph":[{"@type":"WebPage","@id":"https:\/\/kleintierzuchtverein-v11.com\/?page_id=2940","url":"https:\/\/kleintierzuchtverein-v11.com\/?page_id=2940","name":"Jahreshauptversammlung 2026 - kleintierzuchtverein-v11.com","isPartOf":{"@id":"https:\/\/kleintierzuchtverein-v11.com\/#website"},"primaryImageOfPage":{"@id":"https:\/\/kleintierzuchtverein-v11.com\/?page_id=2940#primaryimage"},"image":{"@id":"https:\/\/kleintierzuchtverein-v11.com\/?page_id=2940#primaryimage"},"thumbnailUrl":"https:\/\/kleintierzuchtverein-v11.com\/wp-content\/uploads\/20260306_202703-scaled.jpg","datePublished":"2026-03-12T17:15:47+00:00","dateModified":"2026-03-12T17:24:03+00:00","breadcrumb":{"@id":"https:\/\/kleintierzuchtverein-v11.com\/?page_id=2940#breadcrumb"},"inLanguage":"de","potentialAction":[{"@type":"ReadAction","target":["https:\/\/kleintierzuchtverein-v11.com\/?page_id=2940"]}]},{"@type":"ImageObject","inLanguage":"de","@id":"https:\/\/kleintierzuchtverein-v11.com\/?page_id=2940#primaryimage","url":"https:\/\/kleintierzuchtverein-v11.com\/wp-content\/uploads\/20260306_202703-scaled.jpg","contentUrl":"https:\/\/kleintierzuchtverein-v11.com\/wp-content\/uploads\/20260306_202703-scaled.jpg","width":2560,"height":1440},{"@type":"BreadcrumbList","@id":"https:\/\/kleintierzuchtverein-v11.com\/?page_id=2940#breadcrumb","itemListElement":[{"@type":"ListItem","position":1,"name":"Startseite","item":"https:\/\/kleintierzuchtverein-v11.com\/"},{"@type":"ListItem","position":2,"name":"Jahreshauptversammlung 2026"}]},{"@type":"WebSite","@id":"https:\/\/kleintierzuchtverein-v11.com\/#website","url":"https:\/\/kleintierzuchtverein-v11.com\/","name":"kleintierzuchtverein-v11.com","description":"Eine weiter WordPress-Webseite","publisher":{"@id":"https:\/\/kleintierzuchtverein-v11.com\/#organization"},"potentialAction":[{"@type":"SearchAction","target":{"@type":"EntryPoint","urlTemplate":"https:\/\/kleintierzuchtverein-v11.com\/?s={search_term_string}"},"query-input":{"@type":"PropertyValueSpecification","valueRequired":true,"valueName":"search_term_string"}}],"inLanguage":"de"},{"@type":"Organization","@id":"https:\/\/kleintierzuchtverein-v11.com\/#organization","name":"Rassenkleintierzuchtverein V11 Bludenz und 1. \u00d6sterreichischer Riesenclub","url":"https:\/\/kleintierzuchtverein-v11.com\/","logo":{"@type":"ImageObject","inLanguage":"de","@id":"https:\/\/kleintierzuchtverein-v11.com\/#\/schema\/logo\/image\/","url":"https:\/\/kleintierzuchtverein-v11.com\/wp-content\/uploads\/2023\/05\/cropped-Bild1.png","contentUrl":"https:\/\/kleintierzuchtverein-v11.com\/wp-content\/uploads\/2023\/05\/cropped-Bild1.png","width":2366,"height":829,"caption":"Rassenkleintierzuchtverein V11 Bludenz und 1. \u00d6sterreichischer Riesenclub"},"image":{"@id":"https:\/\/kleintierzuchtverein-v11.com\/#\/schema\/logo\/image\/"}}]}},"_links":{"self":[{"href":"https:\/\/kleintierzuchtverein-v11.com\/index.php?rest_route=\/wp\/v2\/pages\/2940","targetHints":{"allow":["GET"]}}],"collection":[{"href":"https:\/\/kleintierzuchtverein-v11.com\/index.php?rest_route=\/wp\/v2\/pages"}],"about":[{"href":"https:\/\/kleintierzuchtverein-v11.com\/index.php?rest_route=\/wp\/v2\/types\/page"}],"author":[{"embeddable":true,"href":"https:\/\/kleintierzuchtverein-v11.com\/index.php?rest_route=\/wp\/v2\/users\/1"}],"replies":[{"embeddable":true,"href":"https:\/\/kleintierzuchtverein-v11.com\/index.php?rest_route=%2Fwp%2Fv2%2Fcomments&post=2940"}],"version-history":[{"count":4,"href":"https:\/\/kleintierzuchtverein-v11.com\/index.php?rest_route=\/wp\/v2\/pages\/2940\/revisions"}],"predecessor-version":[{"id":2950,"href":"https:\/\/kleintierzuchtverein-v11.com\/index.php?rest_route=\/wp\/v2\/pages\/2940\/revisions\/2950"}],"wp:attachment":[{"href":"https:\/\/kleintierzuchtverein-v11.com\/index.php?rest_route=%2Fwp%2Fv2%2Fmedia&parent=2940"}],"curies":[{"name":"wp","href":"https:\/\/api.w.org\/{rel}","templated":true}]}}